{"id":13,"date":"2023-04-27T15:21:39","date_gmt":"2023-04-27T18:21:39","guid":{"rendered":"https:\/\/napq.eba.ufmg.br\/?page_id=13"},"modified":"2023-05-31T15:32:05","modified_gmt":"2023-05-31T18:32:05","slug":"gruposdepesquisaeba","status":"publish","type":"page","link":"https:\/\/napq.eba.ufmg.br\/index.php\/gruposdepesquisaeba\/","title":{"rendered":"O que \u00e9 um Grupo de Pesquisa?"},"content":{"rendered":"\n<figure class=\"wp-block-image size-large is-resized\"><img loading=\"lazy\" decoding=\"async\" src=\"https:\/\/i0.wp.com\/napq.eba.ufmg.br\/wp-content\/uploads\/2023\/05\/G01.-O-que-e-um-grupo-de-pesquisa-1.png?resize=768%2C768&#038;ssl=1\" alt=\"\" class=\"wp-image-229\" width=\"768\" height=\"768\" srcset=\"https:\/\/i0.wp.com\/napq.eba.ufmg.br\/wp-content\/uploads\/2023\/05\/G01.-O-que-e-um-grupo-de-pesquisa-1.png?resize=1024%2C1024&amp;ssl=1 1024w, https:\/\/i0.wp.com\/napq.eba.ufmg.br\/wp-content\/uploads\/2023\/05\/G01.-O-que-e-um-grupo-de-pesquisa-1.png?resize=300%2C300&amp;ssl=1 300w, https:\/\/i0.wp.com\/napq.eba.ufmg.br\/wp-content\/uploads\/2023\/05\/G01.-O-que-e-um-grupo-de-pesquisa-1.png?resize=150%2C150&amp;ssl=1 150w, https:\/\/i0.wp.com\/napq.eba.ufmg.br\/wp-content\/uploads\/2023\/05\/G01.-O-que-e-um-grupo-de-pesquisa-1.png?resize=768%2C768&amp;ssl=1 768w, https:\/\/i0.wp.com\/napq.eba.ufmg.br\/wp-content\/uploads\/2023\/05\/G01.-O-que-e-um-grupo-de-pesquisa-1.png?resize=230%2C230&amp;ssl=1 230w, https:\/\/i0.wp.com\/napq.eba.ufmg.br\/wp-content\/uploads\/2023\/05\/G01.-O-que-e-um-grupo-de-pesquisa-1.png?resize=365%2C365&amp;ssl=1 365w, https:\/\/i0.wp.com\/napq.eba.ufmg.br\/wp-content\/uploads\/2023\/05\/G01.-O-que-e-um-grupo-de-pesquisa-1.png?w=1080&amp;ssl=1 1080w\" sizes=\"auto, (max-width: 768px) 100vw, 768px\" data-recalc-dims=\"1\" \/><\/figure>\n\n\n\n<p class=\"has-text-align-justify\">De acordo com a&nbsp;<a rel=\"noreferrer noopener\" href=\"https:\/\/www.ufmg.br\/prpq\/wp-content\/uploads\/2019\/05\/Resolucao-CEPE-02-2019.pdf\" target=\"_blank\">Resolu\u00e7\u00e3o CEPE 02\/2019<\/a>, Grupo de Pesquisa \u00e9 definido como conjunto de indiv\u00edduos organizados em torno de uma ou, eventualmente, duas lideran\u00e7as, chamadas de 1\u00ba l\u00edder e 2\u00ba l\u00edder, cujo fundamento organizador \u00e9 a experi\u00eancia, o destaque e a lideran\u00e7a no terreno art\u00edstico, cient\u00edfico ou tecnol\u00f3gico; no qual existe envolvimento profissional e permanente com a atividade de pesquisa; cujo trabalho se organiza em torno de linhas comuns de pesquisa que subordinam-se ao Grupo; e que, em algum grau, compartilha instala\u00e7\u00f5es e equipamentos.<\/p>\n\n\n\n<h2 class=\"wp-block-heading\">Grupos de pesquisa da EBA:<\/h2>\n\n\n\n<ul class=\"wp-block-list\">\n<li><span style=\"text-decoration: underline;\"><a href=\"https:\/\/napq.eba.ufmg.br\/index.php\/2023\/05\/16\/analise-critica-de-filmes\/\" data-type=\"URL\" data-id=\"https:\/\/napq.eba.ufmg.br\/index.php\/2023\/05\/16\/analise-critica-de-filmes\/\" target=\"_blank\" rel=\"noreferrer noopener\">An\u00e1lise Cr\u00edtica de Filmes<\/a><\/span><\/li>\n\n\n\n<li><span style=\"text-decoration: underline;\"><a href=\"https:\/\/napq.eba.ufmg.br\/index.php\/2023\/05\/16\/arte-contemporanea-preservacao-e-exibicao\/\" data-type=\"URL\" data-id=\"https:\/\/napq.eba.ufmg.br\/index.php\/2023\/05\/16\/arte-contemporanea-preservacao-e-exibicao\/\" target=\"_blank\" rel=\"noreferrer noopener\">Arte Contempor\u00e2nea: Preserva\u00e7\u00e3o e Exibi\u00e7\u00e3o<\/a><\/span><\/li>\n\n\n\n<li><a href=\"http:\/\/www.arteemconexao.com.br\/\" target=\"_blank\" rel=\"noreferrer noopener\"><u><span style=\"text-decoration: underline;\">Arte em Conex\u00e3o<\/span><\/u><\/a><\/li>\n\n\n\n<li><a href=\"https:\/\/bureauestudosimagemtempo.wordpress.com\/\"><span style=\"text-decoration: underline;\">Bureau de estudos sobre a imagem e o tempo<\/span><\/a><\/li>\n\n\n\n<li><span style=\"text-decoration: underline;\"><a href=\"https:\/\/napq.eba.ufmg.br\/index.php\/2023\/05\/16\/caligrafias-e-escrituras\/\" data-type=\"URL\" data-id=\"https:\/\/napq.eba.ufmg.br\/index.php\/2023\/05\/16\/caligrafias-e-escrituras\/\" target=\"_blank\" rel=\"noreferrer noopener\">Caligrafias e Escrituras<\/a><\/span><\/li>\n\n\n\n<li><span style=\"text-decoration: underline;\"><a href=\"http:\/\/www.casaabertamesaposta.wixsite.com\/rosvitakolb\" data-type=\"URL\" data-id=\"http:\/\/www.casaabertamesaposta.wixsite.com\/rosvitakolb\" target=\"_blank\" rel=\"noreferrer noopener\">Casa Aberta Mesa Posta: Arte, Inf\u00e2ncias e Narrativas de Si<\/a><\/span><\/li>\n\n\n\n<li><a href=\"https:\/\/www.eba.ufmg.br\/artesvisuais\/index.php\/grupos-e-projetos\/pesquisa\/\"><span style=\"text-decoration: underline;\">Cultura do Barro<\/span><\/a><\/li>\n\n\n\n<li><a href=\"https:\/\/www.diagramagrupodepesquisa.com\/\" target=\"_blank\" rel=\"noreferrer noopener\"><span style=\"text-decoration: underline;\">Diagrama<\/span><\/a><\/li>\n\n\n\n<li><u><a href=\"https:\/\/napq.eba.ufmg.br\/index.php\/2023\/05\/16\/elementos-materiais-da-cultura-e-patrimonio\/\" data-type=\"URL\" data-id=\"https:\/\/napq.eba.ufmg.br\/index.php\/2023\/05\/16\/elementos-materiais-da-cultura-e-patrimonio\/\" target=\"_blank\" rel=\"noreferrer noopener\">Elementos Materiais da Cultura e Patrim\u00f4nio<\/a><\/u><\/li>\n\n\n\n<li><a rel=\"noreferrer noopener\" href=\"https:\/\/napq.eba.ufmg.br\/index.php\/2023\/05\/16\/ensino-de-arte-e-tecnologias-contemporaneas\/\" target=\"_blank\"><span style=\"text-decoration: underline;\">Ensino de Arte e Tecnologias Contempor\u00e2neas<\/span><\/a><\/li>\n\n\n\n<li><a rel=\"noreferrer noopener\" href=\"https:\/\/experienciasdescoloniais.wordpress.com\/?fbclid=PAAaa0ZKxEbLo9oRpyms7_riQtmXTVQ0ldgjQ2WFOA1ymH_8qxaig8F_FAUJ8\" target=\"_blank\"><span style=\"text-decoration: underline;\">Experi\u00eancias Descoloniais: estudos e pr\u00e1ticas<\/span><\/a><\/li>\n\n\n\n<li><a href=\"https:\/\/grupofios.blogspot.com\/\" data-type=\"URL\" data-id=\"https:\/\/grupofios.blogspot.com\/\" target=\"_blank\" rel=\"noreferrer noopener\"><span style=\"text-decoration: underline;\">Fios | processos e experi\u00eancias criativas<\/span><\/a><\/li>\n\n\n\n<li><span style=\"text-decoration: underline;\"><a href=\"https:\/\/napq.eba.ufmg.br\/index.php\/2023\/05\/16\/grassar-acoes-continuadas-em-artes\/\" data-type=\"URL\" data-id=\"https:\/\/napq.eba.ufmg.br\/index.php\/2023\/05\/16\/grassar-acoes-continuadas-em-artes\/\">Grassar: a\u00e7\u00f5es continuadas em artes<\/a><\/span><\/li>\n\n\n\n<li><span style=\"text-decoration: underline;\"><a href=\"https:\/\/napq.eba.ufmg.br\/index.php\/2023\/05\/16\/imagem-e-preservacao\/\">Imagem e Preserva\u00e7\u00e3o<\/a><\/span><\/li>\n\n\n\n<li><span style=\"text-decoration: underline;\"><a href=\"https:\/\/leveufmg.wixsite.com\/leveufmg\" data-type=\"URL\" data-id=\"https:\/\/leveufmg.wixsite.com\/leveufmg\" target=\"_blank\" rel=\"noreferrer noopener\">Laborat\u00f3rio de estudos e viv\u00eancias da espacialidade<\/a><\/span><\/li>\n\n\n\n<li><span style=\"text-decoration: underline;\"><a href=\"https:\/\/napq.eba.ufmg.br\/index.php\/2023\/05\/16\/laboratorio-de-pesquisa-em-atuacao-cenica-lapa-ufmg-cnpq\/\">Laborat\u00f3rio de pesquisa em atua\u00e7\u00e3o c\u00eanica-LAPA-UFMG\/CNPq<\/a><\/span><\/li>\n\n\n\n<li><span style=\"text-decoration: underline;\"><a href=\"https:\/\/napq.eba.ufmg.br\/index.php\/2023\/05\/16\/laboratorio-midiarte-da-eba-ufmg\/\" target=\"_blank\" rel=\"noreferrer noopener\">Laborat\u00f3rio MIDIA@RTE da EBA\/UFMG<\/a><\/span><\/li>\n\n\n\n<li><span style=\"text-decoration: underline;\"><a href=\"https:\/\/napq.eba.ufmg.br\/index.php\/2023\/05\/16\/liberavox-grupo-de-pesquisa-sobre-a-vocalidade-e-a-musicalidade-da-polifonia\/\" target=\"_blank\" rel=\"noreferrer noopener\">LiberaVox \u2013 Grupo de Pesquisa sobre a Vocalidade e a Musicalidade da Polifonia<\/a><\/span><\/li>\n\n\n\n<li><a href=\"https:\/\/eba.ufmg.br\/nucleoimagensdeminas\/\" target=\"_blank\" rel=\"noreferrer noopener\"><span style=\"text-decoration: underline;\">N\u00facleo Imagens de Minas<\/span><\/a><\/li>\n\n\n\n<li><span style=\"text-decoration: underline;\"><a href=\"https:\/\/napq.eba.ufmg.br\/index.php\/2023\/05\/16\/nucleo-transdiciplinar-de-pesquisa-em-artes-cenicas-nace\/\" target=\"_blank\" rel=\"noreferrer noopener\">N\u00facleo Transdiciplinar de Pesquisa em Artes C\u00eanicas \u2013 NACE<\/a><\/span><\/li>\n<\/ul>\n\n\n\n<p><\/p>\n\n\n\n<p><\/p>\n","protected":false},"excerpt":{"rendered":"<p>De acordo com a&nbsp;Resolu\u00e7\u00e3o CEPE 02\/2019, Grupo de Pesquisa \u00e9 definido como conjunto de indiv\u00edduos organizados em torno de uma ou, eventualmente, duas lideran\u00e7as, chamadas de 1\u00ba l\u00edder e 2\u00ba l\u00edder, cujo fundamento organizador \u00e9 a experi\u00eancia, o destaque e a lideran\u00e7a no terreno art\u00edstico, cient\u00edfico ou tecnol\u00f3gico; no qual existe envolvimento profissional e permanente [&hellip;]<\/p>\n","protected":false},"author":1,"featured_media":0,"parent":0,"menu_order":0,"comment_status":"closed","ping_status":"closed","template":"","meta":{"saved_in_kubio":false,"footnotes":""},"class_list":["post-13","page","type-page","status-publish","hentry"],"kubio_ai_page_context":{"short_desc":"","purpose":"general"},"_links":{"self":[{"href":"https:\/\/napq.eba.ufmg.br\/index.php\/wp-json\/wp\/v2\/pages\/13","targetHints":{"allow":["GET"]}}],"collection":[{"href":"https:\/\/napq.eba.ufmg.br\/index.php\/wp-json\/wp\/v2\/pages"}],"about":[{"href":"https:\/\/napq.eba.ufmg.br\/index.php\/wp-json\/wp\/v2\/types\/page"}],"author":[{"embeddable":true,"href":"https:\/\/napq.eba.ufmg.br\/index.php\/wp-json\/wp\/v2\/users\/1"}],"replies":[{"embeddable":true,"href":"https:\/\/napq.eba.ufmg.br\/index.php\/wp-json\/wp\/v2\/comments?post=13"}],"version-history":[{"count":20,"href":"https:\/\/napq.eba.ufmg.br\/index.php\/wp-json\/wp\/v2\/pages\/13\/revisions"}],"predecessor-version":[{"id":323,"href":"https:\/\/napq.eba.ufmg.br\/index.php\/wp-json\/wp\/v2\/pages\/13\/revisions\/323"}],"wp:attachment":[{"href":"https:\/\/napq.eba.ufmg.br\/index.php\/wp-json\/wp\/v2\/media?parent=13"}],"curies":[{"name":"wp","href":"https:\/\/api.w.org\/{rel}","templated":true}]}}